{"id":1906,"date":"2022-07-28T16:04:45","date_gmt":"2022-07-28T14:04:45","guid":{"rendered":"https:\/\/espacefemmes.org\/?page_id=1906"},"modified":"2026-04-17T13:28:01","modified_gmt":"2026-04-17T11:28:01","slug":"sich-informieren-sich-bilden-sich-behaupten","status":"publish","type":"page","link":"https:\/\/espacefemmes.org\/de\/","title":{"rendered":"Sich informieren, sich bilden, sich behaupten"},"content":{"rendered":"\n<div style=\"height:100px\" aria-hidden=\"true\" class=\"wp-block-spacer\"><\/div>\n\n\n\n<h2 class=\"wp-block-heading col-12 col-lg-8\">Der Verein espacefemmes-frauenraum ist ein Ort der Begegnung, der Beratung und der Bildung f\u00fcr Frauen aus allen sozialen und kulturellen Kreisen.<\/h2>\n\n\n\n<div style=\"height:100px\" aria-hidden=\"true\" class=\"wp-block-spacer\"><\/div>\n\n\n\n\n<!-- Swiper -->\n<div id=\"gblock-slider-mb-block-d0b25437-d19b-45dc-b00c-ed518f42152e\" class=\"swiper gblock-slider\">\n  <div class=\"swiper-wrapper\">\n  \t    \t<div class=\"swiper-slide\">\n\t\t\t\t<img decoding=\"async\" width=\"800\" height=\"534\" src=\"https:\/\/espacefemmes.org\/wp-content\/uploads\/2026\/04\/260328_SCD-FCL-43-1-1024x683.jpg\" class=\"\" alt=\"D\u00fcdingen vs Renens - Women&#039;s fussball\" srcset=\"https:\/\/espacefemmes.org\/wp-content\/uploads\/2026\/04\/260328_SCD-FCL-43-1-1024x683.jpg 1024w, https:\/\/espacefemmes.org\/wp-content\/uploads\/2026\/04\/260328_SCD-FCL-43-1-300x200.jpg 300w, https:\/\/espacefemmes.org\/wp-content\/uploads\/2026\/04\/260328_SCD-FCL-43-1-768x512.jpg 768w, https:\/\/espacefemmes.org\/wp-content\/uploads\/2026\/04\/260328_SCD-FCL-43-1-1536x1024.jpg 1536w, https:\/\/espacefemmes.org\/wp-content\/uploads\/2026\/04\/260328_SCD-FCL-43-1-2048x1365.jpg 2048w\" sizes=\"(max-width: 800px) 100vw, 800px\" \/>\t\t\t\t<div class=\"ctn\">\n\t\t\t\t\t<h2>D\u00fcdingen gegen Renens | 100% Women\u2019s Football<\/h2>\n\t\t\t\t\t<p>Unterst\u00fctzen Sie das beste Frauenfussballteam in Freiburg und erleben Sie die Top-Spielerinnen in Aktion! Nach dem Match ist ein Treffen mit den Athletinnen organisiert.<\/p>\n\t\t\t\t\t\t\t\t\t\t<div class=\"wp-block-button\">\n\t\t\t\t\t\t<a class=\"wp-block-button__link\" href=\"https:\/\/espacefemmes.org\/de\/activite\/duedingen-vs-renens-100-womens-football\/\" >Ich nehme teil<\/a>\n\t\t\t\t\t<\/div>\n\t\t\t\t\t\t\t\t\t<\/div>\n    \t<\/div>\n\t    \t<div class=\"swiper-slide\">\n\t\t\t\t<img decoding=\"async\" width=\"650\" height=\"475\" src=\"https:\/\/espacefemmes.org\/wp-content\/uploads\/2026\/03\/2026.03.09_Rencontre-mamans-bebes.jpg\" class=\"\" alt=\"Mama-Baby Treff\" srcset=\"https:\/\/espacefemmes.org\/wp-content\/uploads\/2026\/03\/2026.03.09_Rencontre-mamans-bebes.jpg 650w, https:\/\/espacefemmes.org\/wp-content\/uploads\/2026\/03\/2026.03.09_Rencontre-mamans-bebes-300x219.jpg 300w\" sizes=\"(max-width: 650px) 100vw, 650px\" \/>\t\t\t\t<div class=\"ctn\">\n\t\t\t\t\t<h2>Mama-Baby Treff<\/h2>\n\t\t\t\t\t<p>Ein Moment der Begegnung f\u00fcr Mamas mit ihre Babys, um sich auszutauschen sowie Erfahrungen und Herausforderungen zu teilen. Eine Hebamme heisst Sie und Ihr Baby willkommen und beantwortet Ihre Fragen.<\/p>\n\t\t\t\t\t\t\t\t\t\t<div class=\"wp-block-button\">\n\t\t\t\t\t\t<a class=\"wp-block-button__link\" href=\"https:\/\/espacefemmes.org\/de\/activite\/mama-baby-treff\/\" >Mehr Informationen<\/a>\n\t\t\t\t\t<\/div>\n\t\t\t\t\t\t\t\t\t<\/div>\n    \t<\/div>\n\t    \t<div class=\"swiper-slide\">\n\t\t\t\t<img decoding=\"async\" width=\"800\" height=\"450\" src=\"https:\/\/espacefemmes.org\/wp-content\/uploads\/2025\/06\/minature_video-1024x576.jpg\" class=\"\" alt=\"espacefemmes se pr\u00e9sente \u00e0 travers une vid\u00e9o courte\" srcset=\"https:\/\/espacefemmes.org\/wp-content\/uploads\/2025\/06\/minature_video-1024x576.jpg 1024w, https:\/\/espacefemmes.org\/wp-content\/uploads\/2025\/06\/minature_video-300x169.jpg 300w, https:\/\/espacefemmes.org\/wp-content\/uploads\/2025\/06\/minature_video-768x432.jpg 768w, https:\/\/espacefemmes.org\/wp-content\/uploads\/2025\/06\/minature_video-1536x864.jpg 1536w, https:\/\/espacefemmes.org\/wp-content\/uploads\/2025\/06\/minature_video.jpg 1920w\" sizes=\"(max-width: 800px) 100vw, 800px\" \/>\t\t\t\t<div class=\"ctn\">\n\t\t\t\t\t<h2>Wer sind wir?<\/h2>\n\t\t\t\t\t<p>Einblick in espacefemmes-frauenraum. Lernen Sie uns in einem kurzen Video besser kennen.Klicken Sie auf den Button rechts, um mehr \u00fcber uns zu erfahren!<\/p>\n\t\t\t\t\t\t\t\t\t\t<div class=\"wp-block-button\">\n\t\t\t\t\t\t<a class=\"wp-block-button__link\" href=\"https:\/\/youtu.be\/7lvjI_eOOmU?si=HIeVrBMccg-3npgf\" >Zum Pr\u00e4sentationsvideo<\/a>\n\t\t\t\t\t<\/div>\n\t\t\t\t\t\t\t\t\t<\/div>\n    \t<\/div>\n\t  <\/div>\n  <div class=\"swiper-pagination\"><\/div>\n<\/div>\n<script>\nvar swiper = new Swiper(\"#gblock-slider-mb-block-d0b25437-d19b-45dc-b00c-ed518f42152e\", {\n\tslidesPerView: 1,\n\tspaceBetween: 30,\n\tloop: true,\n\tpagination: {\n\t\tel: \"#gblock-slider-mb-block-d0b25437-d19b-45dc-b00c-ed518f42152e .swiper-pagination\",\n\t\tclickable: true,\n\t},\n});\n<\/script>\n\n\n<div style=\"height:100px\" aria-hidden=\"true\" class=\"wp-block-spacer\"><\/div>\n\n\n\n<div class=\"wp-block-group container-fluid alignfull bg-rose\"><div class=\"wp-block-group__inner-container is-layout-flow wp-block-group-is-layout-flow\">\n<div class=\"wp-block-group container px-0\"><div class=\"wp-block-group__inner-container is-layout-flow wp-block-group-is-layout-flow\">\n<div style=\"height:100px\" aria-hidden=\"true\" class=\"wp-block-spacer\"><\/div>\n\n\n\n<h2 class=\"wp-block-heading\">Unsere Aktivit\u00e4ten<\/h2>\n\n\n\n<p>Die Aktivit\u00e4ten von espacefemmes-frauenraum richten sich an alle Frauen von hier und anderswo, in jedem Alter und verschiedener sozialer Herkunft. Das ganze Programm ist ausgerichtet auf ein Empowerment, also auf eine Vergr\u00f6sserung der Unabh\u00e4ngigkeit und des Selbstvertrauens.<\/p>\n\n\n\n<div class=\"wp-block-buttons is-layout-flex wp-block-buttons-is-layout-flex\">\n<div class=\"wp-block-button\"><a class=\"wp-block-button__link wp-element-button\" href=\"https:\/\/espacefemmes.org\/de\/aktivitaeten\/\">Eine Aktivit\u00e4t suchen<\/a><\/div>\n\n\n\n<div class=\"wp-block-button fonce\"><a class=\"wp-block-button__link wp-element-button\" href=\"https:\/\/espacefemmes.org\/wp-content\/uploads\/2023\/04\/EF_2025-2026_Trimestre-1_Calendrier_web.pdf\" target=\"_blank\" rel=\"noreferrer noopener\">Quartalskalender<\/a><\/div>\n<\/div>\n\n\n<div class=\"gblock activites_liste\">\n\n\t\t\t\t\t\t\t<div class=\"activite\">\n\t\t\t\t<div>\n\t\t\t\t\t<a href=\"https:\/\/espacefemmes.org\/de\/activites\/?themes[]=kinder-und-familien\">\n\t\t\t\t\t\t\t\t\t\t<div class=\"tax\">\n\t\t\t\t\t\t<img decoding=\"async\" class=\"icon\" src=\"https:\/\/espacefemmes.org\/wp-content\/uploads\/2022\/06\/familles.svg\" \/>\n\t\t\t\t\t\t<h4>Kinder und Familien<\/h4>\n\t\t\t\t\t<\/div>\n\t\t\t\t\t<div class=\"cours\"><span>3<\/span> Kurs \/ Workshop<\/div>\t\t\t\t\t<\/a>\n\t\t\t\t<\/div>\n\t\t\t<\/div>\n\t\t\t\t\t\t\t\t<div class=\"activite\">\n\t\t\t\t<div>\n\t\t\t\t\t<a href=\"https:\/\/espacefemmes.org\/de\/activites\/?themes[]=events-und-feminismen\">\n\t\t\t\t\t\t\t\t\t\t<div class=\"tax\">\n\t\t\t\t\t\t<img decoding=\"async\" class=\"icon\" src=\"https:\/\/espacefemmes.org\/wp-content\/uploads\/2022\/06\/evenements.svg\" \/>\n\t\t\t\t\t\t<h4>Events und Feminismen<\/h4>\n\t\t\t\t\t<\/div>\n\t\t\t\t\t<div class=\"cours\"><span>5<\/span> Kurs \/ Workshop<\/div>\t\t\t\t\t<\/a>\n\t\t\t\t<\/div>\n\t\t\t<\/div>\n\t\t\t\t\t\t\t\t<div class=\"activite\">\n\t\t\t\t<div>\n\t\t\t\t\t<a href=\"https:\/\/espacefemmes.org\/de\/activites\/?themes[]=finanzen-stellensuche-und-administratives\">\n\t\t\t\t\t\t\t\t\t\t<div class=\"tax\">\n\t\t\t\t\t\t<img decoding=\"async\" class=\"icon\" src=\"https:\/\/espacefemmes.org\/wp-content\/uploads\/2022\/06\/finance.svg\" \/>\n\t\t\t\t\t\t<h4>Finanzen, Stellensuche und Administratives<\/h4>\n\t\t\t\t\t<\/div>\n\t\t\t\t\t<div class=\"cours\"><span>3<\/span> Kurs \/ Workshop<\/div>\t\t\t\t\t<\/a>\n\t\t\t\t<\/div>\n\t\t\t<\/div>\n\t\t\t\t\t\t\t\t<div class=\"activite\">\n\t\t\t\t<div>\n\t\t\t\t\t<a href=\"https:\/\/espacefemmes.org\/de\/activites\/?themes[]=sprachen\">\n\t\t\t\t\t\t\t\t\t\t<div class=\"tax\">\n\t\t\t\t\t\t<img decoding=\"async\" class=\"icon\" src=\"https:\/\/espacefemmes.org\/wp-content\/uploads\/2022\/06\/langues.svg\" \/>\n\t\t\t\t\t\t<h4>Sprachen<\/h4>\n\t\t\t\t\t<\/div>\n\t\t\t\t\t<div class=\"cours\"><span>6<\/span> Kurs \/ Workshop<\/div>\t\t\t\t\t<\/a>\n\t\t\t\t<\/div>\n\t\t\t<\/div>\n\t\t\t\t\t\t\t\t<div class=\"activite\">\n\t\t\t\t<div>\n\t\t\t\t\t<a href=\"https:\/\/espacefemmes.org\/de\/activites\/?themes[]=begegnung-entdeckung-und-kreativitat\">\n\t\t\t\t\t\t\t\t\t\t<div class=\"tax\">\n\t\t\t\t\t\t<img decoding=\"async\" class=\"icon\" src=\"https:\/\/espacefemmes.org\/wp-content\/uploads\/2022\/06\/rencontre.svg\" \/>\n\t\t\t\t\t\t<h4>Begegnung, Entdeckung und Kreativit\u00e4t<\/h4>\n\t\t\t\t\t<\/div>\n\t\t\t\t\t<div class=\"cours\"><span>17<\/span> Kurs \/ Workshop<\/div>\t\t\t\t\t<\/a>\n\t\t\t\t<\/div>\n\t\t\t<\/div>\n\t\t\t\t\t\t\t\t<div class=\"activite\">\n\t\t\t\t<div>\n\t\t\t\t\t<a href=\"https:\/\/espacefemmes.org\/de\/activites\/?themes[]=gesundheit-der-frauen\">\n\t\t\t\t\t\t\t\t\t\t<div class=\"tax\">\n\t\t\t\t\t\t<img decoding=\"async\" class=\"icon\" src=\"https:\/\/espacefemmes.org\/wp-content\/uploads\/2022\/06\/sante.svg\" \/>\n\t\t\t\t\t\t<h4>Gesundheit der Frauen<\/h4>\n\t\t\t\t\t<\/div>\n\t\t\t\t\t<div class=\"cours\"><span>10<\/span> Kurs \/ Workshop<\/div>\t\t\t\t\t<\/a>\n\t\t\t\t<\/div>\n\t\t\t<\/div>\n\t\t\t\t\t\t\t\t<div class=\"activite\">\n\t\t\t\t<div>\n\t\t\t\t\t<a href=\"https:\/\/espacefemmes.org\/de\/activites\/?themes[]=ikt-computer-smartphone-und-internet\">\n\t\t\t\t\t\t\t\t\t\t<div class=\"tax\">\n\t\t\t\t\t\t<img decoding=\"async\" class=\"icon\" src=\"https:\/\/espacefemmes.org\/wp-content\/uploads\/2022\/06\/ordinateur.svg\" \/>\n\t\t\t\t\t\t<h4>IKT \u2013 Computer, Smartphone und Internet<\/h4>\n\t\t\t\t\t<\/div>\n\t\t\t\t\t<div class=\"cours\"><span>2<\/span> Kurs \/ Workshop<\/div>\t\t\t\t\t<\/a>\n\t\t\t\t<\/div>\n\t\t\t<\/div>\n\t\t\t\t\t\t\n\t<!-- call to action -->\n\t\t\t<div class=\"cta\">\n\t\t\t<div>\n\t\t\t<a href=\"\/de\/teilnehmen\/freiwillige-werden\/\">\t\t\t\t<h3>Ehrenamtliche Mitarbeiterin werden<\/h3>\n\t\t\t\t<p>Werden Sie Teil des sch\u00f6nen, grossen, interkulturellen und solidarischen Teams der Freiwilligen von espacefemmes-frauenraum.<\/p>\n\t\t\t<\/a>\t\t\t<\/div>\n\t\t<\/div>\n\t\n\t<\/div><\/div><\/div>\n<\/div><\/div>\n\n\n\n<div style=\"height:100px\" aria-hidden=\"true\" class=\"wp-block-spacer\"><\/div>\n\n\n\n<div class=\"wp-block-columns espace-enfants is-layout-flex wp-container-core-columns-is-layout-9d6595d7 wp-block-columns-is-layout-flex\">\n<div class=\"wp-block-column is-layout-flow wp-block-column-is-layout-flow\">\n<figure class=\"wp-block-image size-full\"><img decoding=\"async\" width=\"800\" height=\"617\" src=\"https:\/\/espacefemmes.org\/wp-content\/uploads\/2022\/07\/espace-enfants.png\" alt=\"\" class=\"wp-image-1697\" srcset=\"https:\/\/espacefemmes.org\/wp-content\/uploads\/2022\/07\/espace-enfants.png 800w, https:\/\/espacefemmes.org\/wp-content\/uploads\/2022\/07\/espace-enfants-300x231.png 300w, https:\/\/espacefemmes.org\/wp-content\/uploads\/2022\/07\/espace-enfants-768x592.png 768w\" sizes=\"(max-width: 800px) 100vw, 800px\" \/><\/figure>\n<\/div>\n\n\n\n<div class=\"wp-block-column is-layout-flow wp-block-column-is-layout-flow\">\n<h2 class=\"wp-block-heading\">Kinderraum<\/h2>\n\n\n\n<p>Der Kinderraum erm\u00f6glicht es den M\u00fcttern, an den Aktivit\u00e4ten teilzunehmen, und ist f\u00fcr alle eingeschriebenen Kinder zwischen 0 und 6 Jahren ein Ort der Sozialisierung und f\u00fcr einige auch eine Gelegenheit des fr\u00fchen Spracherwerbs (Franz\u00f6sisch).<\/p>\n\n\n\n<div class=\"wp-block-buttons is-layout-flex wp-block-buttons-is-layout-flex\">\n<div class=\"wp-block-button\"><a class=\"wp-block-button__link wp-element-button\" href=\"https:\/\/espacefemmes.org\/de\/kinderraum\/\">Weitere Informationen<\/a><\/div>\n<\/div>\n<\/div>\n<\/div>\n\n\n\n<div style=\"height:100px\" aria-hidden=\"true\" class=\"wp-block-spacer\"><\/div>\n\n\n\n<div class=\"wp-block-group devenir-membre\"><div class=\"wp-block-group__inner-container is-layout-flow wp-block-group-is-layout-flow\">\n<div class=\"wp-block-columns is-layout-flex wp-container-core-columns-is-layout-9d6595d7 wp-block-columns-is-layout-flex\">\n<div class=\"wp-block-column devenir-membre-left is-layout-flow wp-block-column-is-layout-flow\" style=\"flex-basis:60%\">\n<h2 class=\"wp-block-heading\">Mitglied werden<\/h2>\n\n\n\n<div class=\"wp-block-group\"><div class=\"wp-block-group__inner-container is-layout-flow wp-block-group-is-layout-flow\">\n<p>Jede Person, Organisation und Kollektivgemeinschaft, die sich unserem Auftrag und unseren Werten verbunden f\u00fchlt, kann Mitglied von espacefemmes-frauenraum werden.<\/p>\n<\/div><\/div>\n\n\n\n<div class=\"wp-block-buttons is-layout-flex wp-block-buttons-is-layout-flex\">\n<div class=\"wp-block-button\"><a class=\"wp-block-button__link wp-element-button\" href=\"https:\/\/espacefemmes.org\/de\/teilnehmen\/mitglied-werden\/\">Weitere Informationen<\/a><\/div>\n<\/div>\n<\/div>\n\n\n\n<div class=\"wp-block-column is-layout-flow wp-block-column-is-layout-flow\" style=\"flex-basis:40%\">\n<figure class=\"wp-block-image size-full\"><img decoding=\"async\" width=\"493\" height=\"487\" src=\"https:\/\/espacefemmes.org\/wp-content\/uploads\/2022\/06\/bg-home-devenir-membre.png\" alt=\"\" class=\"wp-image-53\" srcset=\"https:\/\/espacefemmes.org\/wp-content\/uploads\/2022\/06\/bg-home-devenir-membre.png 493w, https:\/\/espacefemmes.org\/wp-content\/uploads\/2022\/06\/bg-home-devenir-membre-300x296.png 300w\" sizes=\"(max-width: 493px) 100vw, 493px\" \/><\/figure>\n<\/div>\n<\/div>\n<\/div><\/div>\n\n\n\n<div style=\"height:100px\" aria-hidden=\"true\" class=\"wp-block-spacer\"><\/div>\n\n\n<div class=\"gblock temoignages container\">\n\t<div class=\"row\">\n\t\t<div class=\"encart col-12 col-lg-3 pr-4\">\n\t\t\t<h2>Erfahrungsberichte<\/h2>\n\t\t\t<p>Unter Frauen zu sein, welchen Unterschied macht das? Das sagen die Frauen dazu:<\/p>\n\t\t\t<div class=\"wp-block-button\">\n\t\t\t\t<a class=\"wp-block-button__link\" href=\"https:\/\/espacefemmes.org\/de\/erlebnisberichte-frauen\/\">Erfahrungsberichte<\/a>\n\t\t\t<\/div>\n\t\t<\/div>\n\t\t<div class=\"col-12 col-lg-9\">\n\t\t\t\n\t\t\t\n\t\t\t<div id=\"swiper-mb-block-f0555e18-e2a9-4423-95ff-5fa3b6bc79d7\" class=\"swiper\">\n\t\t\t\t<div class=\"swiper-wrapper\">\n\t\t\t\t\t\t\t\t\t\t\t<div class=\"swiper-slide\">\n\t\t\t\t\t\t\t\t\t\t\t\t\t\t\t\t<img decoding=\"async\" width=\"320\" height=\"470\" src=\"https:\/\/espacefemmes.org\/wp-content\/uploads\/2022\/07\/Gordana-Tokay.jpg\" class=\"img-fluid wp-post-image\" alt=\"Gordana Tokay\" srcset=\"https:\/\/espacefemmes.org\/wp-content\/uploads\/2022\/07\/Gordana-Tokay.jpg 320w, https:\/\/espacefemmes.org\/wp-content\/uploads\/2022\/07\/Gordana-Tokay-204x300.jpg 204w\" sizes=\"(max-width: 320px) 100vw, 320px\" \/>\t\t\t\t\t\t\t\t\t<div class=\"infos\">\n\t\t\t\t\t\t\t\t\t\t<h3>Gordana Tokay<\/h3>\n\t\t\t\t\t\t\t\t\t\t<!-- wp:paragraph -->\n<p>&#8222;Es ist gut einen Ort zu haben, wo Frauen einander helfen.&#8220;<\/p>\n<!-- \/wp:paragraph -->\t\t\t\t\t\t\t\t\t<\/div>\n\t\t\t\t\t\t\t\t\t\t\t\t\t\t<\/div>\n\t\t\t\t\t\t\t\t\t\t\t<div class=\"swiper-slide\">\n\t\t\t\t\t\t\t\t\t\t\t\t\t\t\t\t<img decoding=\"async\" width=\"320\" height=\"470\" src=\"https:\/\/espacefemmes.org\/wp-content\/uploads\/2022\/07\/Nebahat-Berk.jpg\" class=\"img-fluid wp-post-image\" alt=\"Nebahat Berk\" srcset=\"https:\/\/espacefemmes.org\/wp-content\/uploads\/2022\/07\/Nebahat-Berk.jpg 320w, https:\/\/espacefemmes.org\/wp-content\/uploads\/2022\/07\/Nebahat-Berk-204x300.jpg 204w\" sizes=\"(max-width: 320px) 100vw, 320px\" \/>\t\t\t\t\t\t\t\t\t<div class=\"infos\">\n\t\t\t\t\t\t\t\t\t\t<h3>Nebahat Berk<\/h3>\n\t\t\t\t\t\t\t\t\t\t<!-- wp:paragraph -->\n<p>&#8222;Im frauenraum bin ich gl\u00fccklich, ich vergesse meine Probleme.&#8220;<\/p>\n<!-- \/wp:paragraph -->\t\t\t\t\t\t\t\t\t<\/div>\n\t\t\t\t\t\t\t\t\t\t\t\t\t\t<\/div>\n\t\t\t\t\t\t\t\t\t\t\t<div class=\"swiper-slide\">\n\t\t\t\t\t\t\t\t\t\t\t\t\t\t\t\t<img decoding=\"async\" width=\"320\" height=\"470\" src=\"https:\/\/espacefemmes.org\/wp-content\/uploads\/2022\/07\/Natascha-Feuz-Aebischer.jpg\" class=\"img-fluid wp-post-image\" alt=\"Natascha Feuz Aebischer\" srcset=\"https:\/\/espacefemmes.org\/wp-content\/uploads\/2022\/07\/Natascha-Feuz-Aebischer.jpg 320w, https:\/\/espacefemmes.org\/wp-content\/uploads\/2022\/07\/Natascha-Feuz-Aebischer-204x300.jpg 204w\" sizes=\"(max-width: 320px) 100vw, 320px\" \/>\t\t\t\t\t\t\t\t\t<div class=\"infos\">\n\t\t\t\t\t\t\t\t\t\t<h3>Natascha Feuz Aebischer<\/h3>\n\t\t\t\t\t\t\t\t\t\t<!-- wp:paragraph -->\n<p>&#8222;espacefemmes est pour moi un lieu o\u00f9 on se rencontre avec chaleur, solidarit\u00e9 et empathie.&#8220;<\/p>\n<!-- \/wp:paragraph -->\t\t\t\t\t\t\t\t\t<\/div>\n\t\t\t\t\t\t\t\t\t\t\t\t\t\t<\/div>\n\t\t\t\t\t\t\t\t\t\t\t<div class=\"swiper-slide\">\n\t\t\t\t\t\t\t\t\t\t\t\t\t\t\t\t<img decoding=\"async\" width=\"320\" height=\"470\" src=\"https:\/\/espacefemmes.org\/wp-content\/uploads\/2022\/07\/Gidey-Tsegay.jpg\" class=\"img-fluid wp-post-image\" alt=\"Gidey Tsegay\" srcset=\"https:\/\/espacefemmes.org\/wp-content\/uploads\/2022\/07\/Gidey-Tsegay.jpg 320w, https:\/\/espacefemmes.org\/wp-content\/uploads\/2022\/07\/Gidey-Tsegay-204x300.jpg 204w\" sizes=\"(max-width: 320px) 100vw, 320px\" \/>\t\t\t\t\t\t\t\t\t<div class=\"infos\">\n\t\t\t\t\t\t\t\t\t\t<h3>Gidey Tsegay<\/h3>\n\t\t\t\t\t\t\t\t\t\t<!-- wp:paragraph -->\n<p>&#8222;In meinem Herkunftsland werden Frauen traditionell unterdr\u00fcckt. Wenn ich nur unter Frauen bin, kann ich frei sprechen.&#8220;<\/p>\n<!-- \/wp:paragraph -->\t\t\t\t\t\t\t\t\t<\/div>\n\t\t\t\t\t\t\t\t\t\t\t\t\t\t<\/div>\n\t\t\t\t\t\t\t\t\t\t\t<div class=\"swiper-slide\">\n\t\t\t\t\t\t\t\t\t\t\t\t\t\t\t\t<img decoding=\"async\" width=\"320\" height=\"470\" src=\"https:\/\/espacefemmes.org\/wp-content\/uploads\/2022\/07\/Sidonie-Bapst.jpg\" class=\"img-fluid wp-post-image\" alt=\"Sidonie Bapst\" srcset=\"https:\/\/espacefemmes.org\/wp-content\/uploads\/2022\/07\/Sidonie-Bapst.jpg 320w, https:\/\/espacefemmes.org\/wp-content\/uploads\/2022\/07\/Sidonie-Bapst-204x300.jpg 204w\" sizes=\"(max-width: 320px) 100vw, 320px\" \/>\t\t\t\t\t\t\t\t\t<div class=\"infos\">\n\t\t\t\t\t\t\t\t\t\t<h3>Sidonie Bapst<\/h3>\n\t\t\t\t\t\t\t\t\t\t<!-- wp:paragraph -->\n<p>&#8222;Intimit\u00e4t und ein Gef\u00fchl der Sicherheit&#8220;<\/p>\n<!-- \/wp:paragraph -->\t\t\t\t\t\t\t\t\t<\/div>\n\t\t\t\t\t\t\t\t\t\t\t\t\t\t<\/div>\n\t\t\t\t\t\t\t\t\t\t\t<div class=\"swiper-slide\">\n\t\t\t\t\t\t\t\t\t\t\t\t\t\t\t\t<img decoding=\"async\" width=\"1\" height=\"1\" src=\"https:\/\/espacefemmes.org\/wp-content\/uploads\/2022\/07\/femme03.svg\" class=\"img-fluid wp-post-image\" alt=\"femme03\" \/>\t\t\t\t\t\t\t\t\t<div class=\"infos\">\n\t\t\t\t\t\t\t\t\t\t<h3>Laurence Bally<\/h3>\n\t\t\t\t\t\t\t\t\t\t<!-- wp:paragraph -->\n<p>&#8222;Das, was die Trennung der Geschlechter f\u00fcr mich bedeutet: Mit einer Vielzahl von Rollen zu experimentieren, die aus historischen, sozialen und kulturellen\u2026 Gr\u00fcnden oft von M\u00e4nnern eingenommen werden, um die Schauspielerin des eigenen Schicksals zu sein.&#8220;<\/p>\n<!-- \/wp:paragraph -->\t\t\t\t\t\t\t\t\t<\/div>\n\t\t\t\t\t\t\t\t\t\t\t\t\t\t<\/div>\n\t\t\t\t\t\t\t\t\t\t\t<div class=\"swiper-slide\">\n\t\t\t\t\t\t\t\t\t\t\t\t\t\t\t\t<img decoding=\"async\" width=\"320\" height=\"470\" src=\"https:\/\/espacefemmes.org\/wp-content\/uploads\/2022\/07\/Michelle-Schlachter.jpg\" class=\"img-fluid wp-post-image\" alt=\"Michelle Schlachter\" srcset=\"https:\/\/espacefemmes.org\/wp-content\/uploads\/2022\/07\/Michelle-Schlachter.jpg 320w, https:\/\/espacefemmes.org\/wp-content\/uploads\/2022\/07\/Michelle-Schlachter-204x300.jpg 204w\" sizes=\"(max-width: 320px) 100vw, 320px\" \/>\t\t\t\t\t\t\t\t\t<div class=\"infos\">\n\t\t\t\t\t\t\t\t\t\t<h3>Michelle Schlachter<\/h3>\n\t\t\t\t\t\t\t\t\t\t<!-- wp:paragraph -->\n<p>&#8222;Der frauenraum als Ort der Geschlechtertrennung erlaubt es mir, mich mit anderen Frauen \u00fcber unsere Erfahrungen als Frauen in der Gesellschaft auszutauschen, und l\u00e4sst mich die Ungleichheiten erkennen, die wir tagt\u00e4glich erleben.&#8220;<\/p>\n<!-- \/wp:paragraph -->\t\t\t\t\t\t\t\t\t<\/div>\n\t\t\t\t\t\t\t\t\t\t\t\t\t\t<\/div>\n\t\t\t\t\t\t\t\t\t\t\t<div class=\"swiper-slide\">\n\t\t\t\t\t\t\t\t\t\t\t\t\t\t\t\t<img decoding=\"async\" width=\"320\" height=\"470\" src=\"https:\/\/espacefemmes.org\/wp-content\/uploads\/2022\/07\/Neli-Ortiz-Sanchez.jpg\" class=\"img-fluid wp-post-image\" alt=\"Neli-Ortiz-Sanchez\" srcset=\"https:\/\/espacefemmes.org\/wp-content\/uploads\/2022\/07\/Neli-Ortiz-Sanchez.jpg 320w, https:\/\/espacefemmes.org\/wp-content\/uploads\/2022\/07\/Neli-Ortiz-Sanchez-204x300.jpg 204w\" sizes=\"(max-width: 320px) 100vw, 320px\" \/>\t\t\t\t\t\t\t\t\t<div class=\"infos\">\n\t\t\t\t\t\t\t\t\t\t<h3>Neli Ort\u00edz S\u00e1nchez<\/h3>\n\t\t\t\t\t\t\t\t\t\t<!-- wp:paragraph -->\n<p>&#8222;In jeder Frau sehe ich einen Teil von mir. Das Erlebte, die Kraft und die Grossz\u00fcgigkeit kommt an diesem besonderen Ort, der die Selbstrekonstruktion f\u00f6rdert, zum Ausdruck.&#8220;<\/p>\n<!-- \/wp:paragraph -->\t\t\t\t\t\t\t\t\t<\/div>\n\t\t\t\t\t\t\t\t\t\t\t\t\t\t<\/div>\n\t\t\t\t\t\t\t\t\t\t\t<div class=\"swiper-slide\">\n\t\t\t\t\t\t\t\t\t\t\t\t\t\t\t\t<img decoding=\"async\" width=\"1\" height=\"1\" src=\"https:\/\/espacefemmes.org\/wp-content\/uploads\/2022\/07\/femme01.svg\" class=\"img-fluid wp-post-image\" alt=\"femme01\" \/>\t\t\t\t\t\t\t\t\t<div class=\"infos\">\n\t\t\t\t\t\t\t\t\t\t<h3>St\u00e9phanie Neuhaus<\/h3>\n\t\t\t\t\t\t\t\t\t\t<!-- wp:paragraph -->\n<p>&#8222;Die Zungen l\u00f6sen sich. Das Leben einer Frau, in seinen Freuden und Leiden, wird ohne Tabus anvertraut.&#8220;<\/p>\n<!-- \/wp:paragraph -->\t\t\t\t\t\t\t\t\t<\/div>\n\t\t\t\t\t\t\t\t\t\t\t\t\t\t<\/div>\n\t\t\t\t\t\t\t\t\t\t\t<div class=\"swiper-slide\">\n\t\t\t\t\t\t\t\t\t\t\t\t\t\t\t\t<img decoding=\"async\" width=\"1\" height=\"1\" src=\"https:\/\/espacefemmes.org\/wp-content\/uploads\/2022\/07\/femme06.svg\" class=\"img-fluid wp-post-image\" alt=\"femme06\" \/>\t\t\t\t\t\t\t\t\t<div class=\"infos\">\n\t\t\t\t\t\t\t\t\t\t<h3>Meseret Zeleke<\/h3>\n\t\t\t\t\t\t\t\t\t\t<!-- wp:paragraph -->\n<p>&#8222;Ich bevorzuge den frauenraum wegen der Solidarit\u00e4t. Die Kinderbetreuung ist f\u00fcr M\u00fctter notwendig. Ich f\u00fchle mich sicher.&#8220;<\/p>\n<!-- \/wp:paragraph -->\t\t\t\t\t\t\t\t\t<\/div>\n\t\t\t\t\t\t\t\t\t\t\t\t\t\t<\/div>\n\t\t\t\t\t\t\t\t\t<\/div>\n\t\t\t\t\t\t\t\t<div class=\"swiper-pagination\"><\/div>\n\t\t\t<\/div>\n\t\t<\/div>\n\t<\/div>\n<\/div>\n<script>\nvar swiper = new Swiper(\"#swiper-mb-block-f0555e18-e2a9-4423-95ff-5fa3b6bc79d7\", {\n\tslidesPerView: 1,\n\tspaceBetween: 30,\n\tbreakpoints: {\n\t    1200: {\n\t    \tslidesPerView: 1.3,\t\n\t    }\n\t},\n\tloop: true,\n\tpagination: {\n\t\tel: \"#swiper-mb-block-f0555e18-e2a9-4423-95ff-5fa3b6bc79d7 .swiper-pagination\",\n\t\tclickable: true,\n\t},\n});\n<\/script>","protected":false},"excerpt":{"rendered":"<p>Der Verein espacefemmes-frauenraum ist ein Ort der Begegnung, der Beratung und der Bildung f\u00fcr Frauen aus allen sozialen und kulturellen Kreisen. Unsere Aktivit\u00e4ten Die Aktivit\u00e4ten von espacefemmes-frauenraum richten sich an alle Frauen von hier und anderswo, in jedem Alter und verschiedener sozialer Herkunft. Das ganze Programm ist ausgerichtet auf ein Empowerment, also auf eine Vergr\u00f6sserung [&hellip;]<\/p>\n","protected":false},"author":16,"featured_media":1211,"parent":0,"menu_order":0,"comment_status":"closed","ping_status":"closed","template":"","meta":{"inline_featured_image":false,"footnotes":""},"class_list":["post-1906","page","type-page","status-publish","has-post-thumbnail","hentry"],"yoast_head":"<!-- This site is optimized with the Yoast SEO plugin v27.4 - https:\/\/yoast.com\/product\/yoast-seo-wordpress\/ -->\n<title>frauenraum | Sich informieren, sich bilden, sich behaupten<\/title>\n<meta name=\"robots\" content=\"index, follow, max-snippet:-1, max-image-preview:large, max-video-preview:-1\" \/>\n<link rel=\"canonical\" href=\"https:\/\/espacefemmes.org\/de\/\" \/>\n<meta property=\"og:locale\" content=\"de_DE\" \/>\n<meta property=\"og:type\" content=\"article\" \/>\n<meta property=\"og:title\" content=\"frauenraum | Sich informieren, sich bilden, sich behaupten\" \/>\n<meta property=\"og:description\" content=\"Der Verein espacefemmes-frauenraum ist ein Ort der Begegnung, der Beratung und der Bildung f\u00fcr Frauen aus allen sozialen und kulturellen Kreisen. Unsere Aktivit\u00e4ten Die Aktivit\u00e4ten von espacefemmes-frauenraum richten sich an alle Frauen von hier und anderswo, in jedem Alter und verschiedener sozialer Herkunft. Das ganze Programm ist ausgerichtet auf ein Empowerment, also auf eine Vergr\u00f6sserung [&hellip;]\" \/>\n<meta property=\"og:url\" content=\"https:\/\/espacefemmes.org\/de\/\" \/>\n<meta property=\"og:site_name\" content=\"espacefemmes-frauenraum\" \/>\n<meta property=\"article:modified_time\" content=\"2026-04-17T11:28:01+00:00\" \/>\n<meta property=\"og:image\" content=\"https:\/\/espacefemmes.org\/wp-content\/uploads\/2022\/07\/portaits.png\" \/>\n\t<meta property=\"og:image:width\" content=\"2000\" \/>\n\t<meta property=\"og:image:height\" content=\"886\" \/>\n\t<meta property=\"og:image:type\" content=\"image\/png\" \/>\n<meta name=\"twitter:card\" content=\"summary_large_image\" \/>\n<meta name=\"twitter:label1\" content=\"Gesch\u00e4tzte Lesezeit\" \/>\n\t<meta name=\"twitter:data1\" content=\"2\u00a0Minuten\" \/>\n<script type=\"application\/ld+json\" class=\"yoast-schema-graph\">{\"@context\":\"https:\\\/\\\/schema.org\",\"@graph\":[{\"@type\":\"WebPage\",\"@id\":\"https:\\\/\\\/espacefemmes.org\\\/de\\\/\",\"url\":\"https:\\\/\\\/espacefemmes.org\\\/de\\\/\",\"name\":\"frauenraum | Sich informieren, sich bilden, sich behaupten\",\"isPartOf\":{\"@id\":\"https:\\\/\\\/espacefemmes.org\\\/#website\"},\"primaryImageOfPage\":{\"@id\":\"https:\\\/\\\/espacefemmes.org\\\/de\\\/#primaryimage\"},\"image\":{\"@id\":\"https:\\\/\\\/espacefemmes.org\\\/de\\\/#primaryimage\"},\"thumbnailUrl\":\"https:\\\/\\\/espacefemmes.org\\\/wp-content\\\/uploads\\\/2022\\\/07\\\/portaits.png\",\"datePublished\":\"2022-07-28T14:04:45+00:00\",\"dateModified\":\"2026-04-17T11:28:01+00:00\",\"breadcrumb\":{\"@id\":\"https:\\\/\\\/espacefemmes.org\\\/de\\\/#breadcrumb\"},\"inLanguage\":\"de\",\"potentialAction\":[{\"@type\":\"ReadAction\",\"target\":[\"https:\\\/\\\/espacefemmes.org\\\/de\\\/\"]}]},{\"@type\":\"ImageObject\",\"inLanguage\":\"de\",\"@id\":\"https:\\\/\\\/espacefemmes.org\\\/de\\\/#primaryimage\",\"url\":\"https:\\\/\\\/espacefemmes.org\\\/wp-content\\\/uploads\\\/2022\\\/07\\\/portaits.png\",\"contentUrl\":\"https:\\\/\\\/espacefemmes.org\\\/wp-content\\\/uploads\\\/2022\\\/07\\\/portaits.png\",\"width\":2000,\"height\":886},{\"@type\":\"BreadcrumbList\",\"@id\":\"https:\\\/\\\/espacefemmes.org\\\/de\\\/#breadcrumb\",\"itemListElement\":[{\"@type\":\"ListItem\",\"position\":1,\"name\":\"Home\",\"item\":\"https:\\\/\\\/espacefemmes.org\\\/de\\\/\"},{\"@type\":\"ListItem\",\"position\":2,\"name\":\"Sich informieren, sich bilden, sich behaupten\"}]},{\"@type\":\"WebSite\",\"@id\":\"https:\\\/\\\/espacefemmes.org\\\/#website\",\"url\":\"https:\\\/\\\/espacefemmes.org\\\/\",\"name\":\"espacefemmes-frauenraum\",\"description\":\"S\u2019informer, se former, s\u2019affirmer\",\"potentialAction\":[{\"@type\":\"SearchAction\",\"target\":{\"@type\":\"EntryPoint\",\"urlTemplate\":\"https:\\\/\\\/espacefemmes.org\\\/?s={search_term_string}\"},\"query-input\":{\"@type\":\"PropertyValueSpecification\",\"valueRequired\":true,\"valueName\":\"search_term_string\"}}],\"inLanguage\":\"de\"}]}<\/script>\n<!-- \/ Yoast SEO plugin. -->","yoast_head_json":{"title":"frauenraum | Sich informieren, sich bilden, sich behaupten","robots":{"index":"index","follow":"follow","max-snippet":"max-snippet:-1","max-image-preview":"max-image-preview:large","max-video-preview":"max-video-preview:-1"},"canonical":"https:\/\/espacefemmes.org\/de\/","og_locale":"de_DE","og_type":"article","og_title":"frauenraum | Sich informieren, sich bilden, sich behaupten","og_description":"Der Verein espacefemmes-frauenraum ist ein Ort der Begegnung, der Beratung und der Bildung f\u00fcr Frauen aus allen sozialen und kulturellen Kreisen. Unsere Aktivit\u00e4ten Die Aktivit\u00e4ten von espacefemmes-frauenraum richten sich an alle Frauen von hier und anderswo, in jedem Alter und verschiedener sozialer Herkunft. Das ganze Programm ist ausgerichtet auf ein Empowerment, also auf eine Vergr\u00f6sserung [&hellip;]","og_url":"https:\/\/espacefemmes.org\/de\/","og_site_name":"espacefemmes-frauenraum","article_modified_time":"2026-04-17T11:28:01+00:00","og_image":[{"width":2000,"height":886,"url":"https:\/\/espacefemmes.org\/wp-content\/uploads\/2022\/07\/portaits.png","type":"image\/png"}],"twitter_card":"summary_large_image","twitter_misc":{"Gesch\u00e4tzte Lesezeit":"2\u00a0Minuten"},"schema":{"@context":"https:\/\/schema.org","@graph":[{"@type":"WebPage","@id":"https:\/\/espacefemmes.org\/de\/","url":"https:\/\/espacefemmes.org\/de\/","name":"frauenraum | Sich informieren, sich bilden, sich behaupten","isPartOf":{"@id":"https:\/\/espacefemmes.org\/#website"},"primaryImageOfPage":{"@id":"https:\/\/espacefemmes.org\/de\/#primaryimage"},"image":{"@id":"https:\/\/espacefemmes.org\/de\/#primaryimage"},"thumbnailUrl":"https:\/\/espacefemmes.org\/wp-content\/uploads\/2022\/07\/portaits.png","datePublished":"2022-07-28T14:04:45+00:00","dateModified":"2026-04-17T11:28:01+00:00","breadcrumb":{"@id":"https:\/\/espacefemmes.org\/de\/#breadcrumb"},"inLanguage":"de","potentialAction":[{"@type":"ReadAction","target":["https:\/\/espacefemmes.org\/de\/"]}]},{"@type":"ImageObject","inLanguage":"de","@id":"https:\/\/espacefemmes.org\/de\/#primaryimage","url":"https:\/\/espacefemmes.org\/wp-content\/uploads\/2022\/07\/portaits.png","contentUrl":"https:\/\/espacefemmes.org\/wp-content\/uploads\/2022\/07\/portaits.png","width":2000,"height":886},{"@type":"BreadcrumbList","@id":"https:\/\/espacefemmes.org\/de\/#breadcrumb","itemListElement":[{"@type":"ListItem","position":1,"name":"Home","item":"https:\/\/espacefemmes.org\/de\/"},{"@type":"ListItem","position":2,"name":"Sich informieren, sich bilden, sich behaupten"}]},{"@type":"WebSite","@id":"https:\/\/espacefemmes.org\/#website","url":"https:\/\/espacefemmes.org\/","name":"espacefemmes-frauenraum","description":"S\u2019informer, se former, s\u2019affirmer","potentialAction":[{"@type":"SearchAction","target":{"@type":"EntryPoint","urlTemplate":"https:\/\/espacefemmes.org\/?s={search_term_string}"},"query-input":{"@type":"PropertyValueSpecification","valueRequired":true,"valueName":"search_term_string"}}],"inLanguage":"de"}]}},"meta_box":[],"_links":{"self":[{"href":"https:\/\/espacefemmes.org\/de\/wp-json\/wp\/v2\/pages\/1906","targetHints":{"allow":["GET"]}}],"collection":[{"href":"https:\/\/espacefemmes.org\/de\/wp-json\/wp\/v2\/pages"}],"about":[{"href":"https:\/\/espacefemmes.org\/de\/wp-json\/wp\/v2\/types\/page"}],"author":[{"embeddable":true,"href":"https:\/\/espacefemmes.org\/de\/wp-json\/wp\/v2\/users\/16"}],"replies":[{"embeddable":true,"href":"https:\/\/espacefemmes.org\/de\/wp-json\/wp\/v2\/comments?post=1906"}],"version-history":[{"count":177,"href":"https:\/\/espacefemmes.org\/de\/wp-json\/wp\/v2\/pages\/1906\/revisions"}],"predecessor-version":[{"id":11901,"href":"https:\/\/espacefemmes.org\/de\/wp-json\/wp\/v2\/pages\/1906\/revisions\/11901"}],"wp:featuredmedia":[{"embeddable":true,"href":"https:\/\/espacefemmes.org\/de\/wp-json\/wp\/v2\/media\/1211"}],"wp:attachment":[{"href":"https:\/\/espacefemmes.org\/de\/wp-json\/wp\/v2\/media?parent=1906"}],"curies":[{"name":"wp","href":"https:\/\/api.w.org\/{rel}","templated":true}]}}