{"id":11950,"date":"2026-04-28T15:20:47","date_gmt":"2026-04-28T13:20:47","guid":{"rendered":"https:\/\/espacefemmes.org\/?post_type=activite&#038;p=11950"},"modified":"2026-04-28T17:32:35","modified_gmt":"2026-04-28T15:32:35","slug":"pro-familia-mittagstreffen-fuer-fachpersonen","status":"publish","type":"activite","link":"https:\/\/espacefemmes.org\/de\/activite\/pro-familia-mittagstreffen-fuer-fachpersonen\/","title":{"rendered":"Pro Familia \u2013 Mittagstreffen f\u00fcr Fachpersonen"},"content":{"rendered":"\n<p><strong>Sozialisation von Kindern und Unterst\u00fctzung der Elternschaft bei <em>espacefemmes-frauenraum<\/em> \u2013 Mittagstreffen des Familiennetzwerks &#8211; Pro Familia \u2013 f\u00fcr Fachpersonen<\/strong><\/p>\n\n\n\n<p>Auf Initiative von Pro Familia Freiburg organisiert bei <em>espacefemmes-frauenraum<\/em> ein Vernetzungstreffen f\u00fcr Fachpersonen aus Institutionen und Vereinen, die mit Familien im Kanton Freiburg arbeiten.<\/p>\n\n\n\n<p>Bei dieser Gelegenheit f\u00fchren Sie Pascale Michel, Gesch\u00e4ftsleiterin, Neli Ortiz, Verantwortliche f\u00fcr den Kinderraum, und Regula Kohli Javet, Verantwortliche der Aktivit\u00e4ten, durch die R\u00e4umlichkeiten des Vereins. Wir werden einen Halt im Kinderraum einlegen, um Ihnen die wichtigsten Prinzipien, die Funktionsweise sowie das Betreuungskonzept zu erl\u00e4utern. Ferner werden wir das Angebot an Franz\u00f6sischkursen f\u00fcr schwangere Frauen, die Treffen f\u00fcr M\u00fctter und ihre Babys sowie die verschiedenen Aktivit\u00e4ten f\u00fcr Familien vorstellen.<\/p>\n\n\n\n<p><em>espacefemmes-frauenraum<\/em> freut sich auf diesen Anlass, um sein Angebot sichtbar zu machen, den Austausch von Informationen im Interesse der Familien zu f\u00f6rdern und das professionelle Netzwerk zu st\u00e4rken.<\/p>\n\n\n\n<p>Getr\u00e4nke und ein kleiner Imbiss werden offeriert.<br>Anmeldung erw\u00fcnscht bis zum 29. Mai.<\/p>\n\n\n\n<p><em><strong>Sie sprechen Deutsch? \u00dcbersetzung vor Ort m\u00f6glich.<\/strong><\/em><\/p>\n\n\n\n<figure class=\"wp-block-image size-full is-resized\"><img decoding=\"async\" width=\"1654\" height=\"1654\" src=\"https:\/\/espacefemmes.org\/wp-content\/uploads\/2026\/04\/2026.04_-midi_du_reseau-_espacefemmes.jpg\" alt=\"Pro Familia - Midi pour les professionnel\u00b7les\" class=\"wp-image-11962\" style=\"width:700px;height:auto\" srcset=\"https:\/\/espacefemmes.org\/wp-content\/uploads\/2026\/04\/2026.04_-midi_du_reseau-_espacefemmes.jpg 1654w, https:\/\/espacefemmes.org\/wp-content\/uploads\/2026\/04\/2026.04_-midi_du_reseau-_espacefemmes-300x300.jpg 300w, https:\/\/espacefemmes.org\/wp-content\/uploads\/2026\/04\/2026.04_-midi_du_reseau-_espacefemmes-1024x1024.jpg 1024w, https:\/\/espacefemmes.org\/wp-content\/uploads\/2026\/04\/2026.04_-midi_du_reseau-_espacefemmes-150x150.jpg 150w, https:\/\/espacefemmes.org\/wp-content\/uploads\/2026\/04\/2026.04_-midi_du_reseau-_espacefemmes-768x768.jpg 768w, https:\/\/espacefemmes.org\/wp-content\/uploads\/2026\/04\/2026.04_-midi_du_reseau-_espacefemmes-1536x1536.jpg 1536w\" sizes=\"(max-width: 1654px) 100vw, 1654px\" \/><\/figure>\n\n\n\n<div style=\"height:50px\" aria-hidden=\"true\" class=\"wp-block-spacer\"><\/div>\n\n\n\n<div class=\"wp-block-gutena-accordion gutena-accordion-block gutena-accordion-block-e2bb44-4a is-layout-flow wp-block-gutena-accordion-is-layout-flow\" data-single=\"true\">\n<div class=\"wp-block-gutena-accordion-panel gutena-accordion-block__panel\">\n<div class=\"wp-block-gutena-accordion-panel-title gutena-accordion-block__panel-title\"><div class=\"gutena-accordion-block__panel-title-inner\">\n<h2 class=\"has-text-align-left wp-block-heading\" style=\"margin-top:0px;margin-right:0px;margin-bottom:0px;margin-left:0px\">\u00dcber Events und Feminismen<\/h2>\n<div class=\"trigger-up-down\"><div class=\"horizontal\"><\/div><div class=\"vertical\"><\/div><\/div><\/div><\/div>\n\n\n\n<div class=\"wp-block-gutena-accordion-panel-content gutena-accordion-block__panel-content\"><div class=\"gutena-accordion-block__panel-content-inner\">\n<p>espacefemmes-frauenraum organisiert und nimmt teil an verschiedenen Anl\u00e4ssen f\u00fcr eine gleichberechtigte Gesellschaft.<br>Das Empowerment der Frauen ist ein Kernanliegen des Vereins mit feministischer Agenda, in Partnerschaft mit Akteur innen, welche die gleichen Werte vertreten.<\/p>\n\n\n\n<p>Vorschl\u00e4ge zur Zusammenarbeit, zu Aktivit\u00e4ten oder Anl\u00e4ssen sind willkommen, um gemeinsam voranzukommen.<\/p>\n<\/div><\/div>\n<\/div>\n<\/div>\n","protected":false},"featured_media":0,"template":"","activite_theme":[15],"class_list":["post-11950","activite","type-activite","status-publish","hentry","activite_theme-events-und-feminismen"],"yoast_head":"<!-- This site is optimized with the Yoast SEO plugin v27.5 - https:\/\/yoast.com\/product\/yoast-seo-wordpress\/ -->\n<title>Pro Familia \u2013 Mittagstreffen f\u00fcr Fachpersonen - espacefemmes-frauenraum<\/title>\n<meta name=\"robots\" content=\"index, follow, max-snippet:-1, max-image-preview:large, max-video-preview:-1\" \/>\n<link rel=\"canonical\" href=\"https:\/\/espacefemmes.org\/de\/activite\/pro-familia-mittagstreffen-fuer-fachpersonen\/\" \/>\n<meta property=\"og:locale\" content=\"de_DE\" \/>\n<meta property=\"og:type\" content=\"article\" \/>\n<meta property=\"og:title\" content=\"Pro Familia \u2013 Mittagstreffen f\u00fcr Fachpersonen - espacefemmes-frauenraum\" \/>\n<meta property=\"og:description\" content=\"Sozialisation von Kindern und Unterst\u00fctzung der Elternschaft bei espacefemmes-frauenraum \u2013 Mittagstreffen des Familiennetzwerks &#8211; Pro Familia \u2013 f\u00fcr Fachpersonen Auf Initiative von Pro Familia Freiburg organisiert bei espacefemmes-frauenraum ein Vernetzungstreffen f\u00fcr Fachpersonen aus Institutionen und Vereinen, die mit Familien im Kanton Freiburg arbeiten. Bei dieser Gelegenheit f\u00fchren Sie Pascale Michel, Gesch\u00e4ftsleiterin, Neli Ortiz, Verantwortliche f\u00fcr [&hellip;]\" \/>\n<meta property=\"og:url\" content=\"https:\/\/espacefemmes.org\/de\/activite\/pro-familia-mittagstreffen-fuer-fachpersonen\/\" \/>\n<meta property=\"og:site_name\" content=\"espacefemmes-frauenraum\" \/>\n<meta property=\"article:modified_time\" content=\"2026-04-28T15:32:35+00:00\" \/>\n<meta property=\"og:image\" content=\"https:\/\/espacefemmes.org\/wp-content\/uploads\/2026\/04\/2026.04_-midi_du_reseau-_espacefemmes.jpg\" \/>\n\t<meta property=\"og:image:width\" content=\"1654\" \/>\n\t<meta property=\"og:image:height\" content=\"1654\" \/>\n\t<meta property=\"og:image:type\" content=\"image\/jpeg\" \/>\n<meta name=\"twitter:card\" content=\"summary_large_image\" \/>\n<meta name=\"twitter:label1\" content=\"Gesch\u00e4tzte Lesezeit\" \/>\n\t<meta name=\"twitter:data1\" content=\"2\u00a0Minuten\" \/>\n<script type=\"application\/ld+json\" class=\"yoast-schema-graph\">{\"@context\":\"https:\\\/\\\/schema.org\",\"@graph\":[{\"@type\":\"WebPage\",\"@id\":\"https:\\\/\\\/espacefemmes.org\\\/de\\\/activite\\\/pro-familia-mittagstreffen-fuer-fachpersonen\\\/\",\"url\":\"https:\\\/\\\/espacefemmes.org\\\/de\\\/activite\\\/pro-familia-mittagstreffen-fuer-fachpersonen\\\/\",\"name\":\"Pro Familia \u2013 Mittagstreffen f\u00fcr Fachpersonen - espacefemmes-frauenraum\",\"isPartOf\":{\"@id\":\"https:\\\/\\\/espacefemmes.org\\\/#website\"},\"primaryImageOfPage\":{\"@id\":\"https:\\\/\\\/espacefemmes.org\\\/de\\\/activite\\\/pro-familia-mittagstreffen-fuer-fachpersonen\\\/#primaryimage\"},\"image\":{\"@id\":\"https:\\\/\\\/espacefemmes.org\\\/de\\\/activite\\\/pro-familia-mittagstreffen-fuer-fachpersonen\\\/#primaryimage\"},\"thumbnailUrl\":\"https:\\\/\\\/espacefemmes.org\\\/wp-content\\\/uploads\\\/2026\\\/04\\\/2026.04_-midi_du_reseau-_espacefemmes.jpg\",\"datePublished\":\"2026-04-28T13:20:47+00:00\",\"dateModified\":\"2026-04-28T15:32:35+00:00\",\"breadcrumb\":{\"@id\":\"https:\\\/\\\/espacefemmes.org\\\/de\\\/activite\\\/pro-familia-mittagstreffen-fuer-fachpersonen\\\/#breadcrumb\"},\"inLanguage\":\"de\",\"potentialAction\":[{\"@type\":\"ReadAction\",\"target\":[\"https:\\\/\\\/espacefemmes.org\\\/de\\\/activite\\\/pro-familia-mittagstreffen-fuer-fachpersonen\\\/\"]}]},{\"@type\":\"ImageObject\",\"inLanguage\":\"de\",\"@id\":\"https:\\\/\\\/espacefemmes.org\\\/de\\\/activite\\\/pro-familia-mittagstreffen-fuer-fachpersonen\\\/#primaryimage\",\"url\":\"https:\\\/\\\/espacefemmes.org\\\/wp-content\\\/uploads\\\/2026\\\/04\\\/2026.04_-midi_du_reseau-_espacefemmes.jpg\",\"contentUrl\":\"https:\\\/\\\/espacefemmes.org\\\/wp-content\\\/uploads\\\/2026\\\/04\\\/2026.04_-midi_du_reseau-_espacefemmes.jpg\"},{\"@type\":\"BreadcrumbList\",\"@id\":\"https:\\\/\\\/espacefemmes.org\\\/de\\\/activite\\\/pro-familia-mittagstreffen-fuer-fachpersonen\\\/#breadcrumb\",\"itemListElement\":[{\"@type\":\"ListItem\",\"position\":1,\"name\":\"Home\",\"item\":\"https:\\\/\\\/espacefemmes.org\\\/de\\\/\"},{\"@type\":\"ListItem\",\"position\":2,\"name\":\"Pro Familia \u2013 Mittagstreffen f\u00fcr Fachpersonen\"}]},{\"@type\":\"WebSite\",\"@id\":\"https:\\\/\\\/espacefemmes.org\\\/#website\",\"url\":\"https:\\\/\\\/espacefemmes.org\\\/\",\"name\":\"espacefemmes-frauenraum\",\"description\":\"S\u2019informer, se former, s\u2019affirmer\",\"potentialAction\":[{\"@type\":\"SearchAction\",\"target\":{\"@type\":\"EntryPoint\",\"urlTemplate\":\"https:\\\/\\\/espacefemmes.org\\\/?s={search_term_string}\"},\"query-input\":{\"@type\":\"PropertyValueSpecification\",\"valueRequired\":true,\"valueName\":\"search_term_string\"}}],\"inLanguage\":\"de\"}]}<\/script>\n<!-- \/ Yoast SEO plugin. -->","yoast_head_json":{"title":"Pro Familia \u2013 Mittagstreffen f\u00fcr Fachpersonen - espacefemmes-frauenraum","robots":{"index":"index","follow":"follow","max-snippet":"max-snippet:-1","max-image-preview":"max-image-preview:large","max-video-preview":"max-video-preview:-1"},"canonical":"https:\/\/espacefemmes.org\/de\/activite\/pro-familia-mittagstreffen-fuer-fachpersonen\/","og_locale":"de_DE","og_type":"article","og_title":"Pro Familia \u2013 Mittagstreffen f\u00fcr Fachpersonen - espacefemmes-frauenraum","og_description":"Sozialisation von Kindern und Unterst\u00fctzung der Elternschaft bei espacefemmes-frauenraum \u2013 Mittagstreffen des Familiennetzwerks &#8211; Pro Familia \u2013 f\u00fcr Fachpersonen Auf Initiative von Pro Familia Freiburg organisiert bei espacefemmes-frauenraum ein Vernetzungstreffen f\u00fcr Fachpersonen aus Institutionen und Vereinen, die mit Familien im Kanton Freiburg arbeiten. Bei dieser Gelegenheit f\u00fchren Sie Pascale Michel, Gesch\u00e4ftsleiterin, Neli Ortiz, Verantwortliche f\u00fcr [&hellip;]","og_url":"https:\/\/espacefemmes.org\/de\/activite\/pro-familia-mittagstreffen-fuer-fachpersonen\/","og_site_name":"espacefemmes-frauenraum","article_modified_time":"2026-04-28T15:32:35+00:00","og_image":[{"width":1654,"height":1654,"url":"https:\/\/espacefemmes.org\/wp-content\/uploads\/2026\/04\/2026.04_-midi_du_reseau-_espacefemmes.jpg","type":"image\/jpeg"}],"twitter_card":"summary_large_image","twitter_misc":{"Gesch\u00e4tzte Lesezeit":"2\u00a0Minuten"},"schema":{"@context":"https:\/\/schema.org","@graph":[{"@type":"WebPage","@id":"https:\/\/espacefemmes.org\/de\/activite\/pro-familia-mittagstreffen-fuer-fachpersonen\/","url":"https:\/\/espacefemmes.org\/de\/activite\/pro-familia-mittagstreffen-fuer-fachpersonen\/","name":"Pro Familia \u2013 Mittagstreffen f\u00fcr Fachpersonen - espacefemmes-frauenraum","isPartOf":{"@id":"https:\/\/espacefemmes.org\/#website"},"primaryImageOfPage":{"@id":"https:\/\/espacefemmes.org\/de\/activite\/pro-familia-mittagstreffen-fuer-fachpersonen\/#primaryimage"},"image":{"@id":"https:\/\/espacefemmes.org\/de\/activite\/pro-familia-mittagstreffen-fuer-fachpersonen\/#primaryimage"},"thumbnailUrl":"https:\/\/espacefemmes.org\/wp-content\/uploads\/2026\/04\/2026.04_-midi_du_reseau-_espacefemmes.jpg","datePublished":"2026-04-28T13:20:47+00:00","dateModified":"2026-04-28T15:32:35+00:00","breadcrumb":{"@id":"https:\/\/espacefemmes.org\/de\/activite\/pro-familia-mittagstreffen-fuer-fachpersonen\/#breadcrumb"},"inLanguage":"de","potentialAction":[{"@type":"ReadAction","target":["https:\/\/espacefemmes.org\/de\/activite\/pro-familia-mittagstreffen-fuer-fachpersonen\/"]}]},{"@type":"ImageObject","inLanguage":"de","@id":"https:\/\/espacefemmes.org\/de\/activite\/pro-familia-mittagstreffen-fuer-fachpersonen\/#primaryimage","url":"https:\/\/espacefemmes.org\/wp-content\/uploads\/2026\/04\/2026.04_-midi_du_reseau-_espacefemmes.jpg","contentUrl":"https:\/\/espacefemmes.org\/wp-content\/uploads\/2026\/04\/2026.04_-midi_du_reseau-_espacefemmes.jpg"},{"@type":"BreadcrumbList","@id":"https:\/\/espacefemmes.org\/de\/activite\/pro-familia-mittagstreffen-fuer-fachpersonen\/#breadcrumb","itemListElement":[{"@type":"ListItem","position":1,"name":"Home","item":"https:\/\/espacefemmes.org\/de\/"},{"@type":"ListItem","position":2,"name":"Pro Familia \u2013 Mittagstreffen f\u00fcr Fachpersonen"}]},{"@type":"WebSite","@id":"https:\/\/espacefemmes.org\/#website","url":"https:\/\/espacefemmes.org\/","name":"espacefemmes-frauenraum","description":"S\u2019informer, se former, s\u2019affirmer","potentialAction":[{"@type":"SearchAction","target":{"@type":"EntryPoint","urlTemplate":"https:\/\/espacefemmes.org\/?s={search_term_string}"},"query-input":{"@type":"PropertyValueSpecification","valueRequired":true,"valueName":"search_term_string"}}],"inLanguage":"de"}]}},"meta_box":{"espace_enfant_disponible":"1","enfants_participants":"0","interprete_sur_demande":"0","delai_inscription_txt_fr":"Inscription jusqu'au mardi d'avant","delai_inscription_txt_de":"Einschreibung bis zum Dienstag davor","delai_inscription":"1776729600","afficher_formulaire":"1","dates":["1776902400"],"des_le":"0","dates_groupees":"0","toujours_afficher":"0","jours_fr":"Jeudi","jours_de":"Donnerstag","horaire":"09:00-11:00","quand":["1"],"gratuit":"1","liste_prix":[],"intervenants":"Chantal Peguiron,\r\nenseignante de dessin","intervenants_de":"Chantal Peguiron,\r\nenseignante de dessin","nombre_de_place":"10","langue_parlee":["fr"],"adresse":"espacefemmes-frauenraum\r\nRue St-Pierre 10\r\n1700 Fribourg","gmap_share_link":"https:\/\/goo.gl\/maps\/ddQ3wsx1ZQ1Xw7qn9"},"_links":{"self":[{"href":"https:\/\/espacefemmes.org\/de\/wp-json\/wp\/v2\/activite\/11950","targetHints":{"allow":["GET"]}}],"collection":[{"href":"https:\/\/espacefemmes.org\/de\/wp-json\/wp\/v2\/activite"}],"about":[{"href":"https:\/\/espacefemmes.org\/de\/wp-json\/wp\/v2\/types\/activite"}],"wp:attachment":[{"href":"https:\/\/espacefemmes.org\/de\/wp-json\/wp\/v2\/media?parent=11950"}],"wp:term":[{"taxonomy":"activite_theme","embeddable":true,"href":"https:\/\/espacefemmes.org\/de\/wp-json\/wp\/v2\/activite_theme?post=11950"}],"curies":[{"name":"wp","href":"https:\/\/api.w.org\/{rel}","templated":true}]}}