{"id":11708,"date":"2026-03-31T11:11:44","date_gmt":"2026-03-31T09:11:44","guid":{"rendered":"https:\/\/espacefemmes.org\/?post_type=activite&#038;p=11708"},"modified":"2026-04-01T09:38:34","modified_gmt":"2026-04-01T07:38:34","slug":"lokale-kueche-spargelpasta","status":"publish","type":"activite","link":"https:\/\/espacefemmes.org\/de\/activite\/lokale-kueche-spargelpasta\/","title":{"rendered":"Lokale K\u00fcche"},"content":{"rendered":"\n<p><\/p>\n\n\n\n<p>Traditionelle Schweizer Rezepte entdecken, zusammen essen und kochen. <\/p>\n\n\n\n<p>Kinder ab 4 Jahren willkommen.<\/p>\n\n\n\n<figure class=\"wp-block-image size-large is-resized\"><img decoding=\"async\" width=\"1024\" height=\"751\" src=\"https:\/\/espacefemmes.org\/wp-content\/uploads\/2022\/07\/Atelier-cuisine-2-1024x751.jpg\" alt=\"\" class=\"wp-image-778\" style=\"width:727px;height:auto\" srcset=\"https:\/\/espacefemmes.org\/wp-content\/uploads\/2022\/07\/Atelier-cuisine-2-1024x751.jpg 1024w, https:\/\/espacefemmes.org\/wp-content\/uploads\/2022\/07\/Atelier-cuisine-2-300x220.jpg 300w, https:\/\/espacefemmes.org\/wp-content\/uploads\/2022\/07\/Atelier-cuisine-2-768x564.jpg 768w, https:\/\/espacefemmes.org\/wp-content\/uploads\/2022\/07\/Atelier-cuisine-2-1536x1127.jpg 1536w, https:\/\/espacefemmes.org\/wp-content\/uploads\/2022\/07\/Atelier-cuisine-2.jpg 1920w\" sizes=\"(max-width: 1024px) 100vw, 1024px\" \/><\/figure>\n\n\n\n<div class=\"wp-block-buttons is-layout-flex wp-block-buttons-is-layout-flex\">\n<div class=\"wp-block-button\"><a class=\"wp-block-button__link wp-element-button\" href=\"https:\/\/espacefemmes.org\/wp-content\/uploads\/2026\/04\/2026_Lokale-kuche_Tri3.2.pdf\" target=\"_blank\" rel=\"noreferrer noopener\">Flyer<\/a><\/div>\n<\/div>\n\n\n\n<div style=\"height:50px\" aria-hidden=\"true\" class=\"wp-block-spacer\"><\/div>\n\n\n\n<div class=\"wp-block-gutena-accordion gutena-accordion-block gutena-accordion-block-ff5acf-f3 is-layout-flow wp-block-gutena-accordion-is-layout-flow\" data-single=\"true\">\n<div class=\"wp-block-gutena-accordion-panel gutena-accordion-block__panel\">\n<div class=\"wp-block-gutena-accordion-panel-title gutena-accordion-block__panel-title\"><div class=\"gutena-accordion-block__panel-title-inner\">\n<h2 class=\"has-text-align-left wp-block-heading\" style=\"margin-top:0px;margin-right:0px;margin-bottom:0px;margin-left:0px\">\u00dcber Begegnung, Entdeckung und Kreativit\u00e4t<\/h2>\n<div class=\"trigger-up-down\"><div class=\"horizontal\"><\/div><div class=\"vertical\"><\/div><\/div><\/div><\/div>\n\n\n\n<div class=\"wp-block-gutena-accordion-panel-content gutena-accordion-block__panel-content\"><div class=\"gutena-accordion-block__panel-content-inner\">\n<p>Der Verein ist vor allem anderen ein Ort der Begegnung mit anderen Frauen* und des Austauschs von Erfahrungen. Zahlreiche Aktivit\u00e4ten laden die Teilnehmerinnen ein, Neues kennen zu lernen, Freiburg zu entdecken, die Kreativit\u00e4t zu f\u00f6rdern oder einfach in einer Gruppe Spass zu haben.<\/p>\n<\/div><\/div>\n<\/div>\n<\/div>\n\n\n\n<div style=\"height:50px\" aria-hidden=\"true\" class=\"wp-block-spacer\"><\/div>\n\n\n\n<div class=\"wp-block-gutena-accordion gutena-accordion-block gutena-accordion-block-e764a0-63 is-layout-flow wp-block-gutena-accordion-is-layout-flow\" data-single=\"true\">\n<div class=\"wp-block-gutena-accordion-panel gutena-accordion-block__panel\">\n<div class=\"wp-block-gutena-accordion-panel-title gutena-accordion-block__panel-title\"><div class=\"gutena-accordion-block__panel-title-inner\">\n<h2 class=\"has-text-align-left wp-block-heading\" style=\"margin-top:0px;margin-right:0px;margin-bottom:0px;margin-left:0px\">\u00dcber Kinder und Familien<\/h2>\n<div class=\"trigger-up-down\"><div class=\"horizontal\"><\/div><div class=\"vertical\"><\/div><\/div><\/div><\/div>\n\n\n\n<div class=\"wp-block-gutena-accordion-panel-content gutena-accordion-block__panel-content\"><div class=\"gutena-accordion-block__panel-content-inner\">\n<p>Im Kinderraum werden die Kinder betreut, w\u00e4hrend die M\u00fctter an Sprachkursen oder an bestimmten Aktivit\u00e4ten teilnehmen. Die Kinder werden hier in ihrer Sozialisierung und der Entwicklung von Kompetenzen unterst\u00fctzt, damit der Schuleintritt leichterf\u00e4llt. Fremdsprachige Kinder erwerben erste Franz\u00f6sischkenntnisse.<\/p>\n\n\n\n<p>Aktivit\u00e4ten und Mutter-Kind-Ausfl\u00fcge bieten M\u00f6glichkeiten der Begegnung mit anderen Familien und M\u00fcttern. Die Teilnehmerinnen lernen geeignete Orte f\u00fcr die Kinder in Freiburg kennen und erleben besondere Momente zu einem kleinen Preis.<\/p>\n\n\n\n<p>Die Ateliers \u00fcber Erziehung \u2013 wovon einige auch f\u00fcr V\u00e4ter offen sind \u2013 widmen sich der Reflexion und dem Austausch in Erziehungsfragen mit Fachleuten und anderen Eltern.<\/p>\n<\/div><\/div>\n<\/div>\n<\/div>\n","protected":false},"featured_media":0,"template":"","activite_theme":[14,18],"class_list":["post-11708","activite","type-activite","status-publish","hentry","activite_theme-kinder-und-familien","activite_theme-begegnung-entdeckung-und-kreativitat"],"yoast_head":"<!-- This site is optimized with the Yoast SEO plugin v27.5 - https:\/\/yoast.com\/product\/yoast-seo-wordpress\/ -->\n<title>Lokale K\u00fcche - espacefemmes-frauenraum<\/title>\n<meta name=\"robots\" content=\"index, follow, max-snippet:-1, max-image-preview:large, max-video-preview:-1\" \/>\n<link rel=\"canonical\" href=\"https:\/\/espacefemmes.org\/de\/activite\/lokale-kueche-spargelpasta\/\" \/>\n<meta property=\"og:locale\" content=\"de_DE\" \/>\n<meta property=\"og:type\" content=\"article\" \/>\n<meta property=\"og:title\" content=\"Lokale K\u00fcche - espacefemmes-frauenraum\" \/>\n<meta property=\"og:description\" content=\"Traditionelle Schweizer Rezepte entdecken, zusammen essen und kochen. Kinder ab 4 Jahren willkommen.\" \/>\n<meta property=\"og:url\" content=\"https:\/\/espacefemmes.org\/de\/activite\/lokale-kueche-spargelpasta\/\" \/>\n<meta property=\"og:site_name\" content=\"espacefemmes-frauenraum\" \/>\n<meta property=\"article:modified_time\" content=\"2026-04-01T07:38:34+00:00\" \/>\n<meta property=\"og:image\" content=\"https:\/\/espacefemmes.org\/wp-content\/uploads\/2022\/07\/Atelier-cuisine-2.jpg\" \/>\n\t<meta property=\"og:image:width\" content=\"1920\" \/>\n\t<meta property=\"og:image:height\" content=\"1409\" \/>\n\t<meta property=\"og:image:type\" content=\"image\/jpeg\" \/>\n<meta name=\"twitter:card\" content=\"summary_large_image\" \/>\n<meta name=\"twitter:label1\" content=\"Gesch\u00e4tzte Lesezeit\" \/>\n\t<meta name=\"twitter:data1\" content=\"2\u00a0Minuten\" \/>\n<script type=\"application\/ld+json\" class=\"yoast-schema-graph\">{\"@context\":\"https:\\\/\\\/schema.org\",\"@graph\":[{\"@type\":\"WebPage\",\"@id\":\"https:\\\/\\\/espacefemmes.org\\\/de\\\/activite\\\/lokale-kueche-spargelpasta\\\/\",\"url\":\"https:\\\/\\\/espacefemmes.org\\\/de\\\/activite\\\/lokale-kueche-spargelpasta\\\/\",\"name\":\"Lokale K\u00fcche - espacefemmes-frauenraum\",\"isPartOf\":{\"@id\":\"https:\\\/\\\/espacefemmes.org\\\/#website\"},\"primaryImageOfPage\":{\"@id\":\"https:\\\/\\\/espacefemmes.org\\\/de\\\/activite\\\/lokale-kueche-spargelpasta\\\/#primaryimage\"},\"image\":{\"@id\":\"https:\\\/\\\/espacefemmes.org\\\/de\\\/activite\\\/lokale-kueche-spargelpasta\\\/#primaryimage\"},\"thumbnailUrl\":\"https:\\\/\\\/espacefemmes.org\\\/wp-content\\\/uploads\\\/2022\\\/07\\\/Atelier-cuisine-2-1024x751.jpg\",\"datePublished\":\"2026-03-31T09:11:44+00:00\",\"dateModified\":\"2026-04-01T07:38:34+00:00\",\"breadcrumb\":{\"@id\":\"https:\\\/\\\/espacefemmes.org\\\/de\\\/activite\\\/lokale-kueche-spargelpasta\\\/#breadcrumb\"},\"inLanguage\":\"de\",\"potentialAction\":[{\"@type\":\"ReadAction\",\"target\":[\"https:\\\/\\\/espacefemmes.org\\\/de\\\/activite\\\/lokale-kueche-spargelpasta\\\/\"]}]},{\"@type\":\"ImageObject\",\"inLanguage\":\"de\",\"@id\":\"https:\\\/\\\/espacefemmes.org\\\/de\\\/activite\\\/lokale-kueche-spargelpasta\\\/#primaryimage\",\"url\":\"https:\\\/\\\/espacefemmes.org\\\/wp-content\\\/uploads\\\/2022\\\/07\\\/Atelier-cuisine-2-1024x751.jpg\",\"contentUrl\":\"https:\\\/\\\/espacefemmes.org\\\/wp-content\\\/uploads\\\/2022\\\/07\\\/Atelier-cuisine-2-1024x751.jpg\"},{\"@type\":\"BreadcrumbList\",\"@id\":\"https:\\\/\\\/espacefemmes.org\\\/de\\\/activite\\\/lokale-kueche-spargelpasta\\\/#breadcrumb\",\"itemListElement\":[{\"@type\":\"ListItem\",\"position\":1,\"name\":\"Home\",\"item\":\"https:\\\/\\\/espacefemmes.org\\\/de\\\/\"},{\"@type\":\"ListItem\",\"position\":2,\"name\":\"Lokale K\u00fcche\"}]},{\"@type\":\"WebSite\",\"@id\":\"https:\\\/\\\/espacefemmes.org\\\/#website\",\"url\":\"https:\\\/\\\/espacefemmes.org\\\/\",\"name\":\"espacefemmes-frauenraum\",\"description\":\"S\u2019informer, se former, s\u2019affirmer\",\"potentialAction\":[{\"@type\":\"SearchAction\",\"target\":{\"@type\":\"EntryPoint\",\"urlTemplate\":\"https:\\\/\\\/espacefemmes.org\\\/?s={search_term_string}\"},\"query-input\":{\"@type\":\"PropertyValueSpecification\",\"valueRequired\":true,\"valueName\":\"search_term_string\"}}],\"inLanguage\":\"de\"}]}<\/script>\n<!-- \/ Yoast SEO plugin. -->","yoast_head_json":{"title":"Lokale K\u00fcche - espacefemmes-frauenraum","robots":{"index":"index","follow":"follow","max-snippet":"max-snippet:-1","max-image-preview":"max-image-preview:large","max-video-preview":"max-video-preview:-1"},"canonical":"https:\/\/espacefemmes.org\/de\/activite\/lokale-kueche-spargelpasta\/","og_locale":"de_DE","og_type":"article","og_title":"Lokale K\u00fcche - espacefemmes-frauenraum","og_description":"Traditionelle Schweizer Rezepte entdecken, zusammen essen und kochen. Kinder ab 4 Jahren willkommen.","og_url":"https:\/\/espacefemmes.org\/de\/activite\/lokale-kueche-spargelpasta\/","og_site_name":"espacefemmes-frauenraum","article_modified_time":"2026-04-01T07:38:34+00:00","og_image":[{"width":1920,"height":1409,"url":"https:\/\/espacefemmes.org\/wp-content\/uploads\/2022\/07\/Atelier-cuisine-2.jpg","type":"image\/jpeg"}],"twitter_card":"summary_large_image","twitter_misc":{"Gesch\u00e4tzte Lesezeit":"2\u00a0Minuten"},"schema":{"@context":"https:\/\/schema.org","@graph":[{"@type":"WebPage","@id":"https:\/\/espacefemmes.org\/de\/activite\/lokale-kueche-spargelpasta\/","url":"https:\/\/espacefemmes.org\/de\/activite\/lokale-kueche-spargelpasta\/","name":"Lokale K\u00fcche - espacefemmes-frauenraum","isPartOf":{"@id":"https:\/\/espacefemmes.org\/#website"},"primaryImageOfPage":{"@id":"https:\/\/espacefemmes.org\/de\/activite\/lokale-kueche-spargelpasta\/#primaryimage"},"image":{"@id":"https:\/\/espacefemmes.org\/de\/activite\/lokale-kueche-spargelpasta\/#primaryimage"},"thumbnailUrl":"https:\/\/espacefemmes.org\/wp-content\/uploads\/2022\/07\/Atelier-cuisine-2-1024x751.jpg","datePublished":"2026-03-31T09:11:44+00:00","dateModified":"2026-04-01T07:38:34+00:00","breadcrumb":{"@id":"https:\/\/espacefemmes.org\/de\/activite\/lokale-kueche-spargelpasta\/#breadcrumb"},"inLanguage":"de","potentialAction":[{"@type":"ReadAction","target":["https:\/\/espacefemmes.org\/de\/activite\/lokale-kueche-spargelpasta\/"]}]},{"@type":"ImageObject","inLanguage":"de","@id":"https:\/\/espacefemmes.org\/de\/activite\/lokale-kueche-spargelpasta\/#primaryimage","url":"https:\/\/espacefemmes.org\/wp-content\/uploads\/2022\/07\/Atelier-cuisine-2-1024x751.jpg","contentUrl":"https:\/\/espacefemmes.org\/wp-content\/uploads\/2022\/07\/Atelier-cuisine-2-1024x751.jpg"},{"@type":"BreadcrumbList","@id":"https:\/\/espacefemmes.org\/de\/activite\/lokale-kueche-spargelpasta\/#breadcrumb","itemListElement":[{"@type":"ListItem","position":1,"name":"Home","item":"https:\/\/espacefemmes.org\/de\/"},{"@type":"ListItem","position":2,"name":"Lokale K\u00fcche"}]},{"@type":"WebSite","@id":"https:\/\/espacefemmes.org\/#website","url":"https:\/\/espacefemmes.org\/","name":"espacefemmes-frauenraum","description":"S\u2019informer, se former, s\u2019affirmer","potentialAction":[{"@type":"SearchAction","target":{"@type":"EntryPoint","urlTemplate":"https:\/\/espacefemmes.org\/?s={search_term_string}"},"query-input":{"@type":"PropertyValueSpecification","valueRequired":true,"valueName":"search_term_string"}}],"inLanguage":"de"}]}},"meta_box":{"espace_enfant_disponible":"","enfants_participants":"","interprete_sur_demande":"","delai_inscription_txt_fr":"","delai_inscription_txt_de":"","delai_inscription":"","afficher_formulaire":"","dates":[],"des_le":"","dates_groupees":"","toujours_afficher":"","jours_fr":"","jours_de":"","horaire":"","quand":[],"gratuit":"","liste_prix":[],"intervenants":"","intervenants_de":"","nombre_de_place":"","langue_parlee":[],"adresse":"","gmap_share_link":""},"_links":{"self":[{"href":"https:\/\/espacefemmes.org\/de\/wp-json\/wp\/v2\/activite\/11708","targetHints":{"allow":["GET"]}}],"collection":[{"href":"https:\/\/espacefemmes.org\/de\/wp-json\/wp\/v2\/activite"}],"about":[{"href":"https:\/\/espacefemmes.org\/de\/wp-json\/wp\/v2\/types\/activite"}],"wp:attachment":[{"href":"https:\/\/espacefemmes.org\/de\/wp-json\/wp\/v2\/media?parent=11708"}],"wp:term":[{"taxonomy":"activite_theme","embeddable":true,"href":"https:\/\/espacefemmes.org\/de\/wp-json\/wp\/v2\/activite_theme?post=11708"}],"curies":[{"name":"wp","href":"https:\/\/api.w.org\/{rel}","templated":true}]}}