{"id":10460,"date":"2025-07-08T15:09:21","date_gmt":"2025-07-08T13:09:21","guid":{"rendered":"https:\/\/espacefemmes.org\/?post_type=activite&#038;p=10460"},"modified":"2025-12-17T09:53:25","modified_gmt":"2025-12-17T08:53:25","slug":"atelier-creatif-franzoesisch","status":"publish","type":"activite","link":"https:\/\/espacefemmes.org\/de\/activite\/atelier-creatif-franzoesisch\/","title":{"rendered":"Atelier cr\u00e9atif &#8211; Franz\u00f6sisch"},"content":{"rendered":"\n<p>Prenez un temps pour vous exprimer, vous d\u00e9couvrir et d\u00e9velopper votre cr\u00e9ativit\u00e9.<\/p>\n\n<p>Dessin, peinture, collage\u2026 dans une ambiance d\u00e9tendue.<\/p>\n\n<p>Aucune exp\u00e9rience n\u2019est n\u00e9cessaire, juste l\u2019envie de cr\u00e9er et de partager.<\/p>\n\n<figure class=\"wp-block-image size-large is-resized\"><img decoding=\"async\" width=\"1024\" height=\"838\" src=\"https:\/\/espacefemmes.org\/wp-content\/uploads\/2022\/07\/atelier-creatif-1024x838.jpg\" alt=\"\" class=\"wp-image-898\" style=\"width:752px;height:auto\" srcset=\"https:\/\/espacefemmes.org\/wp-content\/uploads\/2022\/07\/atelier-creatif-1024x838.jpg 1024w, https:\/\/espacefemmes.org\/wp-content\/uploads\/2022\/07\/atelier-creatif-300x245.jpg 300w, https:\/\/espacefemmes.org\/wp-content\/uploads\/2022\/07\/atelier-creatif-768x628.jpg 768w, https:\/\/espacefemmes.org\/wp-content\/uploads\/2022\/07\/atelier-creatif-1536x1257.jpg 1536w, https:\/\/espacefemmes.org\/wp-content\/uploads\/2022\/07\/atelier-creatif.jpg 1920w\" sizes=\"(max-width: 1024px) 100vw, 1024px\" \/><\/figure>\n\n<div class=\"wp-block-buttons is-layout-flex wp-block-buttons-is-layout-flex\">\n<div class=\"wp-block-button\"><a class=\"wp-block-button__link wp-element-button\" href=\"https:\/\/espacefemmes.org\/wp-content\/uploads\/2025\/07\/2025_Atelier-creatif_Tri1.pdf\" target=\"_blank\" rel=\"noreferrer noopener\">Flyer<\/a><\/div>\n<\/div>\n\n<div style=\"height:50px\" aria-hidden=\"true\" class=\"wp-block-spacer\"><\/div>\n\n\n\n<div class=\"wp-block-gutena-accordion gutena-accordion-block gutena-accordion-block-ff5acf-f3 is-layout-flow wp-block-gutena-accordion-is-layout-flow\" data-single=\"true\">\n<div class=\"wp-block-gutena-accordion-panel gutena-accordion-block__panel\">\n<div class=\"wp-block-gutena-accordion-panel-title gutena-accordion-block__panel-title\"><div class=\"gutena-accordion-block__panel-title-inner\">\n<h2 class=\"has-text-align-left wp-block-heading\" style=\"margin-top:0px;margin-right:0px;margin-bottom:0px;margin-left:0px\">\u00dcber Begegnung, Entdeckung und Kreativit\u00e4t<\/h2>\n<div class=\"trigger-up-down\"><div class=\"horizontal\"><\/div><div class=\"vertical\"><\/div><\/div><\/div><\/div>\n\n\n\n<div class=\"wp-block-gutena-accordion-panel-content gutena-accordion-block__panel-content\"><div class=\"gutena-accordion-block__panel-content-inner\">\n<p>Der Verein ist vor allem anderen ein Ort der Begegnung mit anderen Frauen* und des Austauschs von Erfahrungen. Zahlreiche Aktivit\u00e4ten laden die Teilnehmerinnen ein, Neues kennen zu lernen, Freiburg zu entdecken, die Kreativit\u00e4t zu f\u00f6rdern oder einfach in einer Gruppe Spass zu haben.<\/p>\n<\/div><\/div>\n<\/div>\n<\/div>\n","protected":false},"featured_media":0,"template":"","activite_theme":[18],"class_list":["post-10460","activite","type-activite","status-publish","hentry","activite_theme-begegnung-entdeckung-und-kreativitat"],"yoast_head":"<!-- This site is optimized with the Yoast SEO plugin v27.5 - https:\/\/yoast.com\/product\/yoast-seo-wordpress\/ -->\n<title>Atelier cr\u00e9atif - Franz\u00f6sisch - espacefemmes-frauenraum<\/title>\n<meta name=\"robots\" content=\"index, follow, max-snippet:-1, max-image-preview:large, max-video-preview:-1\" \/>\n<link rel=\"canonical\" href=\"https:\/\/espacefemmes.org\/de\/activite\/atelier-creatif-franzoesisch\/\" \/>\n<meta property=\"og:locale\" content=\"de_DE\" \/>\n<meta property=\"og:type\" content=\"article\" \/>\n<meta property=\"og:title\" content=\"Atelier cr\u00e9atif - Franz\u00f6sisch - espacefemmes-frauenraum\" \/>\n<meta property=\"og:description\" content=\"Prenez un temps pour vous exprimer, vous d\u00e9couvrir et d\u00e9velopper votre cr\u00e9ativit\u00e9. Dessin, peinture, collage\u2026 dans une ambiance d\u00e9tendue. Aucune exp\u00e9rience n\u2019est n\u00e9cessaire, juste l\u2019envie de cr\u00e9er et de partager.\" \/>\n<meta property=\"og:url\" content=\"https:\/\/espacefemmes.org\/de\/activite\/atelier-creatif-franzoesisch\/\" \/>\n<meta property=\"og:site_name\" content=\"espacefemmes-frauenraum\" \/>\n<meta property=\"article:modified_time\" content=\"2025-12-17T08:53:25+00:00\" \/>\n<meta property=\"og:image\" content=\"https:\/\/espacefemmes.org\/wp-content\/uploads\/2022\/07\/atelier-creatif.jpg\" \/>\n\t<meta property=\"og:image:width\" content=\"1920\" \/>\n\t<meta property=\"og:image:height\" content=\"1571\" \/>\n\t<meta property=\"og:image:type\" content=\"image\/jpeg\" \/>\n<meta name=\"twitter:card\" content=\"summary_large_image\" \/>\n<meta name=\"twitter:label1\" content=\"Gesch\u00e4tzte Lesezeit\" \/>\n\t<meta name=\"twitter:data1\" content=\"1\u00a0Minute\" \/>\n<script type=\"application\/ld+json\" class=\"yoast-schema-graph\">{\"@context\":\"https:\\\/\\\/schema.org\",\"@graph\":[{\"@type\":\"WebPage\",\"@id\":\"https:\\\/\\\/espacefemmes.org\\\/de\\\/activite\\\/atelier-creatif-franzoesisch\\\/\",\"url\":\"https:\\\/\\\/espacefemmes.org\\\/de\\\/activite\\\/atelier-creatif-franzoesisch\\\/\",\"name\":\"Atelier cr\u00e9atif - Franz\u00f6sisch - espacefemmes-frauenraum\",\"isPartOf\":{\"@id\":\"https:\\\/\\\/espacefemmes.org\\\/#website\"},\"primaryImageOfPage\":{\"@id\":\"https:\\\/\\\/espacefemmes.org\\\/de\\\/activite\\\/atelier-creatif-franzoesisch\\\/#primaryimage\"},\"image\":{\"@id\":\"https:\\\/\\\/espacefemmes.org\\\/de\\\/activite\\\/atelier-creatif-franzoesisch\\\/#primaryimage\"},\"thumbnailUrl\":\"https:\\\/\\\/espacefemmes.org\\\/wp-content\\\/uploads\\\/2022\\\/07\\\/atelier-creatif-1024x838.jpg\",\"datePublished\":\"2025-07-08T13:09:21+00:00\",\"dateModified\":\"2025-12-17T08:53:25+00:00\",\"breadcrumb\":{\"@id\":\"https:\\\/\\\/espacefemmes.org\\\/de\\\/activite\\\/atelier-creatif-franzoesisch\\\/#breadcrumb\"},\"inLanguage\":\"de\",\"potentialAction\":[{\"@type\":\"ReadAction\",\"target\":[\"https:\\\/\\\/espacefemmes.org\\\/de\\\/activite\\\/atelier-creatif-franzoesisch\\\/\"]}]},{\"@type\":\"ImageObject\",\"inLanguage\":\"de\",\"@id\":\"https:\\\/\\\/espacefemmes.org\\\/de\\\/activite\\\/atelier-creatif-franzoesisch\\\/#primaryimage\",\"url\":\"https:\\\/\\\/espacefemmes.org\\\/wp-content\\\/uploads\\\/2022\\\/07\\\/atelier-creatif-1024x838.jpg\",\"contentUrl\":\"https:\\\/\\\/espacefemmes.org\\\/wp-content\\\/uploads\\\/2022\\\/07\\\/atelier-creatif-1024x838.jpg\"},{\"@type\":\"BreadcrumbList\",\"@id\":\"https:\\\/\\\/espacefemmes.org\\\/de\\\/activite\\\/atelier-creatif-franzoesisch\\\/#breadcrumb\",\"itemListElement\":[{\"@type\":\"ListItem\",\"position\":1,\"name\":\"Home\",\"item\":\"https:\\\/\\\/espacefemmes.org\\\/de\\\/\"},{\"@type\":\"ListItem\",\"position\":2,\"name\":\"Atelier cr\u00e9atif &#8211; Franz\u00f6sisch\"}]},{\"@type\":\"WebSite\",\"@id\":\"https:\\\/\\\/espacefemmes.org\\\/#website\",\"url\":\"https:\\\/\\\/espacefemmes.org\\\/\",\"name\":\"espacefemmes-frauenraum\",\"description\":\"S\u2019informer, se former, s\u2019affirmer\",\"potentialAction\":[{\"@type\":\"SearchAction\",\"target\":{\"@type\":\"EntryPoint\",\"urlTemplate\":\"https:\\\/\\\/espacefemmes.org\\\/?s={search_term_string}\"},\"query-input\":{\"@type\":\"PropertyValueSpecification\",\"valueRequired\":true,\"valueName\":\"search_term_string\"}}],\"inLanguage\":\"de\"}]}<\/script>\n<!-- \/ Yoast SEO plugin. -->","yoast_head_json":{"title":"Atelier cr\u00e9atif - Franz\u00f6sisch - espacefemmes-frauenraum","robots":{"index":"index","follow":"follow","max-snippet":"max-snippet:-1","max-image-preview":"max-image-preview:large","max-video-preview":"max-video-preview:-1"},"canonical":"https:\/\/espacefemmes.org\/de\/activite\/atelier-creatif-franzoesisch\/","og_locale":"de_DE","og_type":"article","og_title":"Atelier cr\u00e9atif - Franz\u00f6sisch - espacefemmes-frauenraum","og_description":"Prenez un temps pour vous exprimer, vous d\u00e9couvrir et d\u00e9velopper votre cr\u00e9ativit\u00e9. Dessin, peinture, collage\u2026 dans une ambiance d\u00e9tendue. Aucune exp\u00e9rience n\u2019est n\u00e9cessaire, juste l\u2019envie de cr\u00e9er et de partager.","og_url":"https:\/\/espacefemmes.org\/de\/activite\/atelier-creatif-franzoesisch\/","og_site_name":"espacefemmes-frauenraum","article_modified_time":"2025-12-17T08:53:25+00:00","og_image":[{"width":1920,"height":1571,"url":"https:\/\/espacefemmes.org\/wp-content\/uploads\/2022\/07\/atelier-creatif.jpg","type":"image\/jpeg"}],"twitter_card":"summary_large_image","twitter_misc":{"Gesch\u00e4tzte Lesezeit":"1\u00a0Minute"},"schema":{"@context":"https:\/\/schema.org","@graph":[{"@type":"WebPage","@id":"https:\/\/espacefemmes.org\/de\/activite\/atelier-creatif-franzoesisch\/","url":"https:\/\/espacefemmes.org\/de\/activite\/atelier-creatif-franzoesisch\/","name":"Atelier cr\u00e9atif - Franz\u00f6sisch - espacefemmes-frauenraum","isPartOf":{"@id":"https:\/\/espacefemmes.org\/#website"},"primaryImageOfPage":{"@id":"https:\/\/espacefemmes.org\/de\/activite\/atelier-creatif-franzoesisch\/#primaryimage"},"image":{"@id":"https:\/\/espacefemmes.org\/de\/activite\/atelier-creatif-franzoesisch\/#primaryimage"},"thumbnailUrl":"https:\/\/espacefemmes.org\/wp-content\/uploads\/2022\/07\/atelier-creatif-1024x838.jpg","datePublished":"2025-07-08T13:09:21+00:00","dateModified":"2025-12-17T08:53:25+00:00","breadcrumb":{"@id":"https:\/\/espacefemmes.org\/de\/activite\/atelier-creatif-franzoesisch\/#breadcrumb"},"inLanguage":"de","potentialAction":[{"@type":"ReadAction","target":["https:\/\/espacefemmes.org\/de\/activite\/atelier-creatif-franzoesisch\/"]}]},{"@type":"ImageObject","inLanguage":"de","@id":"https:\/\/espacefemmes.org\/de\/activite\/atelier-creatif-franzoesisch\/#primaryimage","url":"https:\/\/espacefemmes.org\/wp-content\/uploads\/2022\/07\/atelier-creatif-1024x838.jpg","contentUrl":"https:\/\/espacefemmes.org\/wp-content\/uploads\/2022\/07\/atelier-creatif-1024x838.jpg"},{"@type":"BreadcrumbList","@id":"https:\/\/espacefemmes.org\/de\/activite\/atelier-creatif-franzoesisch\/#breadcrumb","itemListElement":[{"@type":"ListItem","position":1,"name":"Home","item":"https:\/\/espacefemmes.org\/de\/"},{"@type":"ListItem","position":2,"name":"Atelier cr\u00e9atif &#8211; Franz\u00f6sisch"}]},{"@type":"WebSite","@id":"https:\/\/espacefemmes.org\/#website","url":"https:\/\/espacefemmes.org\/","name":"espacefemmes-frauenraum","description":"S\u2019informer, se former, s\u2019affirmer","potentialAction":[{"@type":"SearchAction","target":{"@type":"EntryPoint","urlTemplate":"https:\/\/espacefemmes.org\/?s={search_term_string}"},"query-input":{"@type":"PropertyValueSpecification","valueRequired":true,"valueName":"search_term_string"}}],"inLanguage":"de"}]}},"meta_box":{"espace_enfant_disponible":"","enfants_participants":"","interprete_sur_demande":"","delai_inscription_txt_fr":"","delai_inscription_txt_de":"","delai_inscription":"","afficher_formulaire":"","dates":[],"des_le":"","dates_groupees":"","toujours_afficher":"","jours_fr":"","jours_de":"","horaire":"","quand":[],"gratuit":"","liste_prix":[],"intervenants":"","intervenants_de":"","nombre_de_place":"","langue_parlee":[],"adresse":"","gmap_share_link":""},"_links":{"self":[{"href":"https:\/\/espacefemmes.org\/de\/wp-json\/wp\/v2\/activite\/10460","targetHints":{"allow":["GET"]}}],"collection":[{"href":"https:\/\/espacefemmes.org\/de\/wp-json\/wp\/v2\/activite"}],"about":[{"href":"https:\/\/espacefemmes.org\/de\/wp-json\/wp\/v2\/types\/activite"}],"wp:attachment":[{"href":"https:\/\/espacefemmes.org\/de\/wp-json\/wp\/v2\/media?parent=10460"}],"wp:term":[{"taxonomy":"activite_theme","embeddable":true,"href":"https:\/\/espacefemmes.org\/de\/wp-json\/wp\/v2\/activite_theme?post=10460"}],"curies":[{"name":"wp","href":"https:\/\/api.w.org\/{rel}","templated":true}]}}